{"id":142,"date":"2024-07-09T15:15:08","date_gmt":"2024-07-09T13:15:08","guid":{"rendered":"https:\/\/tomas-kobi.ch\/cms\/?page_id=142"},"modified":"2025-10-10T16:53:36","modified_gmt":"2025-10-10T14:53:36","slug":"im-fokus","status":"publish","type":"page","link":"https:\/\/tomas-kobi.ch\/cms\/im-fokus\/","title":{"rendered":"Im Fokus"},"content":{"rendered":"\t\t<div data-elementor-type=\"wp-page\" data-elementor-id=\"142\" class=\"elementor elementor-142\">\n\t\t\t\t<div class=\"elementor-element elementor-element-e7b3890 e-flex e-con-boxed e-con e-parent\" data-id=\"e7b3890\" data-element_type=\"container\" data-e-type=\"container\">\n\t\t\t\t\t<div class=\"e-con-inner\">\n\t\t<div class=\"elementor-element elementor-element-38ccffc e-con-full e-flex e-con e-child\" data-id=\"38ccffc\" data-element_type=\"container\" data-e-type=\"container\">\n\t\t\t\t<div class=\"elementor-element elementor-element-d3c00ea elementor-widget elementor-widget-heading\" data-id=\"d3c00ea\" data-element_type=\"widget\" data-e-type=\"widget\" data-widget_type=\"heading.default\">\n\t\t\t\t<div class=\"elementor-widget-container\">\n\t\t\t\t\t<h2 class=\"elementor-heading-title elementor-size-default\">Im Fokus<\/h2>\t\t\t\t<\/div>\n\t\t\t\t<\/div>\n\t\t\t\t<div class=\"elementor-element elementor-element-a2be290 elementor-widget elementor-widget-spacer\" data-id=\"a2be290\" data-element_type=\"widget\" data-e-type=\"widget\" data-widget_type=\"spacer.default\">\n\t\t\t\t<div class=\"elementor-widget-container\">\n\t\t\t\t\t\t\t<div class=\"elementor-spacer\">\n\t\t\t<div class=\"elementor-spacer-inner\"><\/div>\n\t\t<\/div>\n\t\t\t\t\t\t<\/div>\n\t\t\t\t<\/div>\n\t\t\t\t<div class=\"elementor-element elementor-element-2f2f779 elementor-widget elementor-widget-text-editor\" data-id=\"2f2f779\" data-element_type=\"widget\" data-e-type=\"widget\" data-widget_type=\"text-editor.default\">\n\t\t\t\t<div class=\"elementor-widget-container\">\n\t\t\t\t\t\t\t\t\t<p><strong>Auf dieser Seite finden Sie regelm\u00e4ssig Beitr\u00e4ge zu gesundheitspolitischen, gerontologischen und oder gesundheitsf\u00f6rdernden Themen.<\/strong><\/p>\t\t\t\t\t\t\t\t<\/div>\n\t\t\t\t<\/div>\n\t\t\t\t<\/div>\n\t\t<div class=\"elementor-element elementor-element-e0b7d0c e-con-full e-flex e-con e-child\" data-id=\"e0b7d0c\" data-element_type=\"container\" data-e-type=\"container\">\n\t\t\t\t<div class=\"elementor-element elementor-element-5716346 elementor-widget elementor-widget-text-editor\" data-id=\"5716346\" data-element_type=\"widget\" data-e-type=\"widget\" data-widget_type=\"text-editor.default\">\n\t\t\t\t<div class=\"elementor-widget-container\">\n\t\t\t\t\t\t\t\t\t<div class=\"widget-wrapper widget-element free-text diy-resizable \"><div id=\"widget-id-927647\" class=\"widget-body \"><div class=\"freetextarea\"><div><span class=\"field-content\">Organisation der Nationalen Plattform Demenz<\/span><\/div><div><div><a href=\"https:\/\/www.bag.admin.ch\/de\/organisation-der-nationalen-plattform-demenz\" rel=\"noopener\" data-cke-saved-href=\"https:\/\/www.bag.admin.ch\/bag\/de\/home\/strategie-und-politik\/nationale-gesundheitsstrategien\/demenz.html\">Organisation Plattform Demenz<\/a><\/div><\/div><\/div><div class=\"clear\">\u00a0<\/div><\/div><\/div><div class=\"widget-wrapper widget-element free-text diy-resizable \"><div id=\"widget-id-10592412\" class=\"widget-body \"><div class=\"freetextarea\"><div><span class=\"field-content\">Demenzstrategie des Kt. LU (2018 bis 2028)<\/span><\/div><div><div><a href=\"https:\/\/disg.lu.ch\/themen\/alter\/Demenzstrategie\" target=\"_blank\" rel=\"noopener\" data-cke-saved-href=\"https:\/\/disg.lu.ch\/themen\/alter\/Demenzstrategie\">https:\/\/disg.lu.ch &#8211; Demenzstrategie<\/a><\/div><div>\u00a0<\/div><div>Altersleitbild des Kanton Luzern 2022<\/div><div><a href=\"https:\/\/disg.lu.ch\/-\/media\/DISG\/Dokumente\/Themen\/Alter\/Altersleitbild\/Altersleitbild_Kanton_Luzern_Perspektiven_fuer_ein_gutes_Alter_n_barrierefrei.pdf?rev=d6e6d5cec6354a4b989b90044c5f9545\" target=\"_blank\" rel=\"noopener\">https:\/\/disg.lu.ch\/-\/media\/DISG\/Dokumente\/Themen\/Alter\/Altersleitbild\/Altersleitbild_Kanton_Luzern_Perspektiven_fuer_ein_gutes_Alter_n_barrierefrei.pdf?rev=d6e6d5cec6354a4b989b90044c5f9545<\/a><\/div><div>\u00a0<\/div><\/div><\/div><\/div><\/div><div class=\"widget-wrapper widget-element free-text diy-resizable \"><div id=\"widget-id-10592931\" class=\"widget-body \"><div class=\"freetextarea\"><div>Das Obsan analysiert die Versorgungssituation in der Schweiz und in den Kantonen<\/div><div><div><a href=\"https:\/\/www.obsan.admin.ch\/de\/gesundheitsthemen\/alter-und-langzeitpflege\/langzeitpflege#publications\" target=\"_blank\" rel=\"noopener\" data-cke-saved-href=\"https:\/\/www.obsan.admin.ch\/de\/gesundheitsthemen\/alter-und-langzeitpflege\/langzeitpflege#publications\">https:\/\/www.obsan.admin.ch &#8211; Langzeitpflege (publications)<\/a><\/div><\/div><\/div><div class=\"clear\">\u00a0<\/div><\/div><\/div><div class=\"widget-wrapper widget-element free-text diy-resizable \"><div id=\"widget-id-12045232\" class=\"widget-body \"><div class=\"freetextarea\"><div><span class=\"field-content\">Studie zu \u00e4lteren Menschen ohne betreuende Familien-Angeh\u00f6rigen (2023)<\/span><\/div><div><div><a href=\"https:\/\/www.im-alter.ch\/uploads\/media\/default\/0001\/01\/2023-Heger-Laube-Alt-werden-ohne-betreuende-Familienangehoerige-Schlussbericht.pdf\" target=\"_blank\" rel=\"noopener\" data-cke-saved-href=\"https:\/\/www.im-alter.ch\/uploads\/media\/default\/0001\/01\/2023-Heger-Laube-Alt-werden-ohne-betreuende-Familienangehoerige-Schlussbericht.pdf\">https:\/\/www.im-alter.ch &#8211; 2023 Heger Laube &#8211; Alt werden ohne betreuende Familienangehoerige &#8211; Schlussbericht (PDF)<\/a><\/div><\/div><\/div><div class=\"clear\">\u00a0<\/div><\/div><\/div><div class=\"widget-wrapper widget-element free-text diy-resizable \"><div id=\"widget-id-10592411\" class=\"widget-body \"><div class=\"freetextarea\"><div>Gesundheitsf\u00f6rderung f\u00fcr und mit \u00e4lteren Menschen\u00a0(2022)<\/div><div><div><a href=\"https:\/\/gesundheitsfoerderung.ch\/sites\/default\/files\/2022-12\/Bericht_010_GFCH_2022-11_-_Gesundheitsfoerderung_fuer_und_mit_aelteren_Menschen.pdf\" target=\"_blank\" rel=\"noopener\" data-cke-saved-href=\"https:\/\/gesundheitsfoerderung.ch\/sites\/default\/files\/2022-12\/Bericht_010_GFCH_2022-11_-_Gesundheitsfoerderung_fuer_und_mit_aelteren_Menschen.pdf\">https:\/\/gesundheitsfoerderung.ch- 2022 Bericht &#8211; Gesundheitsfoerderung f\u00fcr und mit \u00e4lteren Menschen (PDF)<\/a><\/div><\/div><\/div><\/div><\/div><div class=\"widget-wrapper widget-element free-text diy-resizable \"><div id=\"widget-id-10592410\" class=\"widget-body \"><div class=\"freetextarea\"><div><span class=\"field-content\"><br \/>Kostentreiber in der station\u00e4ren Langzeitversorgung des Kt. ZH (2016)<\/span><\/div><div><a href=\"https:\/\/artiset-zh.ch\/assets\/Uploads\/Pflegefinanzierung\/cvzh_kostensteigerung_aph_zh_20161118.pdf\" target=\"_blank\" rel=\"noopener\">https:\/\/artiset-zh.ch\/assets\/Uploads\/Pflegefinanzierung\/cvzh_kostensteigerung_aph_zh_20161118.pdf<\/a><\/div><\/div><\/div><\/div>\t\t\t\t\t\t\t\t<\/div>\n\t\t\t\t<\/div>\n\t\t\t\t<div class=\"elementor-element elementor-element-2307c8d elementor-widget elementor-widget-spacer\" data-id=\"2307c8d\" data-element_type=\"widget\" data-e-type=\"widget\" data-widget_type=\"spacer.default\">\n\t\t\t\t<div class=\"elementor-widget-container\">\n\t\t\t\t\t\t\t<div class=\"elementor-spacer\">\n\t\t\t<div class=\"elementor-spacer-inner\"><\/div>\n\t\t<\/div>\n\t\t\t\t\t\t<\/div>\n\t\t\t\t<\/div>\n\t\t\t\t<\/div>\n\t\t\t\t\t<\/div>\n\t\t\t\t<\/div>\n\t\t<div class=\"elementor-element elementor-element-21ba3ce e-flex e-con-boxed e-con e-parent\" data-id=\"21ba3ce\" data-element_type=\"container\" data-e-type=\"container\">\n\t\t\t\t\t<div class=\"e-con-inner\">\n\t\t<div class=\"elementor-element elementor-element-0c878e1 e-con-full e-flex e-con e-child\" data-id=\"0c878e1\" data-element_type=\"container\" data-e-type=\"container\">\n\t\t\t\t<div class=\"elementor-element elementor-element-c1b8a2a elementor-widget elementor-widget-bae-pdf-native-embedder\" data-id=\"c1b8a2a\" data-element_type=\"widget\" data-e-type=\"widget\" data-widget_type=\"bae-pdf-native-embedder.default\">\n\t\t\t\t<div class=\"elementor-widget-container\">\n\t\t\t\t\t\t\t<div class =\"native_style\">\r\n\t\t\t\t\t        <h3>Medienmitteilung Fokuspreis 2025<\/h3>\r\n\t\t          \t\t<div class=\"download\">\r\n\t\t\t\t\t\t\t<\/div>\r\n\t\t<\/div>\r\n\t\t\t\t<div class=\"my_native\">\r\n\t\t\t<iframe src=\"https:\/\/tomas-kobi.ch\/cms\/wp-content\/uploads\/2025\/09\/2025_MM_Fokuspreis.Alz_.lu_.pdf\"><\/iframe>\r\n\t\t<\/div>\r\n\t\t\t\t\t<\/div>\n\t\t\t\t<\/div>\n\t\t\t\t<div class=\"elementor-element elementor-element-e3a5b9b elementor-widget elementor-widget-bae-pdf-native-embedder\" data-id=\"e3a5b9b\" data-element_type=\"widget\" data-e-type=\"widget\" data-widget_type=\"bae-pdf-native-embedder.default\">\n\t\t\t\t<div class=\"elementor-widget-container\">\n\t\t\t\t\t\t\t<div class =\"native_style\">\r\n\t\t\t\t\t        <h3>Sind die Gesundheitskosten der Jungen zu hoch?<\/h3>\r\n\t\t          \t\t<div class=\"download\">\r\n\t\t\t\t\t\t\t<\/div>\r\n\t\t<\/div>\r\n\t\t\t\t<div class=\"my_native\">\r\n\t\t\t<iframe src=\"https:\/\/tomas-kobi.ch\/cms\/wp-content\/uploads\/2024\/07\/2024-01-08_Sind-die-Gesundheitskosten-der-Jungen-zu-hoch.pdf\"><\/iframe>\r\n\t\t<\/div>\r\n\t\t\t\t\t<\/div>\n\t\t\t\t<\/div>\n\t\t\t\t<div class=\"elementor-element elementor-element-a34c9fe elementor-widget elementor-widget-bae-pdf-native-embedder\" data-id=\"a34c9fe\" data-element_type=\"widget\" data-e-type=\"widget\" data-widget_type=\"bae-pdf-native-embedder.default\">\n\t\t\t\t<div class=\"elementor-widget-container\">\n\t\t\t\t\t\t\t<div class =\"native_style\">\r\n\t\t\t\t\t        <h3>&quot;Altern - \u00e4ltere Menschen - demografischer Wandel&quot;<\/h3>\r\n\t\t          \t\t<div class=\"download\">\r\n\t\t\t\t\t\t\t<\/div>\r\n\t\t<\/div>\r\n\t\t\t\t<div class=\"my_native\">\r\n\t\t\t<iframe src=\"https:\/\/tomas-kobi.ch\/cms\/wp-content\/uploads\/2024\/08\/2024_altern-aeltere-menschen-demografischer-wandel-data.pdf\"><\/iframe>\r\n\t\t<\/div>\r\n\t\t\t\t\t<\/div>\n\t\t\t\t<\/div>\n\t\t\t\t<\/div>\n\t\t<div class=\"elementor-element elementor-element-2425df4 e-con-full e-flex e-con e-child\" data-id=\"2425df4\" data-element_type=\"container\" data-e-type=\"container\">\n\t\t\t\t<div class=\"elementor-element elementor-element-31f9bde elementor-widget elementor-widget-bae-pdf-native-embedder\" data-id=\"31f9bde\" data-element_type=\"widget\" data-e-type=\"widget\" data-widget_type=\"bae-pdf-native-embedder.default\">\n\t\t\t\t<div class=\"elementor-widget-container\">\n\t\t\t\t\t\t\t<div class =\"native_style\">\r\n\t\t\t\t\t        <h3>CSS Entwicklung der Gesundheitskosten 2012-2021.pdf<\/h3>\r\n\t\t          \t\t<div class=\"download\">\r\n\t\t\t\t\t\t\t<\/div>\r\n\t\t<\/div>\r\n\t\t\t\t<div class=\"my_native\">\r\n\t\t\t<iframe src=\"https:\/\/tomas-kobi.ch\/cms\/wp-content\/uploads\/2024\/07\/2024-07_css-Entwicklung-der-Gesundheitskosten-2012-2021.pdf\"><\/iframe>\r\n\t\t<\/div>\r\n\t\t\t\t\t<\/div>\n\t\t\t\t<\/div>\n\t\t\t\t<div class=\"elementor-element elementor-element-4d44fcc elementor-widget elementor-widget-bae-pdf-native-embedder\" data-id=\"4d44fcc\" data-element_type=\"widget\" data-e-type=\"widget\" data-widget_type=\"bae-pdf-native-embedder.default\">\n\t\t\t\t<div class=\"elementor-widget-container\">\n\t\t\t\t\t\t\t<div class =\"native_style\">\r\n\t\t\t\t\t        <h3>Hof Rickenbach - Ein Ort, wo man sich zu Hause f\u00fchlt<\/h3>\r\n\t\t          \t\t<div class=\"download\">\r\n\t\t\t\t\t\t\t<\/div>\r\n\t\t<\/div>\r\n\t\t\t\t<div class=\"my_native\">\r\n\t\t\t<iframe src=\"https:\/\/tomas-kobi.ch\/cms\/wp-content\/uploads\/2025\/03\/2025_Hof-Rickenbach.pdf\"><\/iframe>\r\n\t\t<\/div>\r\n\t\t\t\t\t<\/div>\n\t\t\t\t<\/div>\n\t\t\t\t<\/div>\n\t\t\t\t\t<\/div>\n\t\t\t\t<\/div>\n\t\t<div class=\"elementor-element elementor-element-74d470b e-flex e-con-boxed e-con e-parent\" data-id=\"74d470b\" data-element_type=\"container\" data-e-type=\"container\">\n\t\t\t\t\t<div class=\"e-con-inner\">\n\t\t<div class=\"elementor-element elementor-element-a0b52ab e-con-full e-flex e-con e-child\" data-id=\"a0b52ab\" data-element_type=\"container\" data-e-type=\"container\">\n\t\t\t\t<div class=\"elementor-element elementor-element-924dce3 elementor-widget elementor-widget-bae-pdf-native-embedder\" data-id=\"924dce3\" data-element_type=\"widget\" data-e-type=\"widget\" data-widget_type=\"bae-pdf-native-embedder.default\">\n\t\t\t\t<div class=\"elementor-widget-container\">\n\t\t\t\t\t\t\t<div class =\"native_style\">\r\n\t\t\t\t\t        <h3>Bis die Kraft nicht mehr reicht 1.pdf<\/h3>\r\n\t\t          \t\t<div class=\"download\">\r\n\t\t\t\t\t\t\t<\/div>\r\n\t\t<\/div>\r\n\t\t\t\t<div class=\"my_native\">\r\n\t\t\t<iframe src=\"https:\/\/tomas-kobi.ch\/cms\/wp-content\/uploads\/2024\/07\/Bis-die-Kraft-nicht-mehr-reicht-1.pdf\"><\/iframe>\r\n\t\t<\/div>\r\n\t\t\t\t\t<\/div>\n\t\t\t\t<\/div>\n\t\t\t\t<\/div>\n\t\t<div class=\"elementor-element elementor-element-80e6b4a e-con-full e-flex e-con e-child\" data-id=\"80e6b4a\" data-element_type=\"container\" data-e-type=\"container\">\n\t\t\t\t<div class=\"elementor-element elementor-element-a3ceba3 elementor-widget elementor-widget-bae-pdf-native-embedder\" data-id=\"a3ceba3\" data-element_type=\"widget\" data-e-type=\"widget\" data-widget_type=\"bae-pdf-native-embedder.default\">\n\t\t\t\t<div class=\"elementor-widget-container\">\n\t\t\t\t\t\t\t<div class =\"native_style\">\r\n\t\t\t\t\t        <h3>Bis die Kraft nicht mehr reicht 2.pdf<\/h3>\r\n\t\t          \t\t<div class=\"download\">\r\n\t\t\t\t\t\t\t<\/div>\r\n\t\t<\/div>\r\n\t\t\t\t<div class=\"my_native\">\r\n\t\t\t<iframe src=\"https:\/\/tomas-kobi.ch\/cms\/wp-content\/uploads\/2024\/07\/Bis-die-Kraft-nicht-mehr-reicht-2.pdf\"><\/iframe>\r\n\t\t<\/div>\r\n\t\t\t\t\t<\/div>\n\t\t\t\t<\/div>\n\t\t\t\t<\/div>\n\t\t\t\t\t<\/div>\n\t\t\t\t<\/div>\n\t\t\t\t<\/div>\n\t\t","protected":false},"excerpt":{"rendered":"<p>Im Fokus Auf dieser Seite finden Sie regelm\u00e4ssig Beitr\u00e4ge zu gesundheitspolitischen, gerontologischen und oder gesundheitsf\u00f6rdernden Themen. Organisation der Nationalen Plattform DemenzOrganisation Plattform Demenz\u00a0Demenzstrategie des Kt. LU (2018 bis 2028)https:\/\/disg.lu.ch &#8211; Demenzstrategie\u00a0Altersleitbild des Kanton Luzern 2022https:\/\/disg.lu.ch\/-\/media\/DISG\/Dokumente\/Themen\/Alter\/Altersleitbild\/Altersleitbild_Kanton_Luzern_Perspektiven_fuer_ein_gutes_Alter_n_barrierefrei.pdf?rev=d6e6d5cec6354a4b989b90044c5f9545\u00a0Das Obsan analysiert die Versorgungssituation in der Schweiz und in den Kantonenhttps:\/\/www.obsan.admin.ch &#8211; Langzeitpflege (publications)\u00a0Studie zu \u00e4lteren Menschen ohne betreuende Familien-Angeh\u00f6rigen&hellip;&nbsp;<a href=\"https:\/\/tomas-kobi.ch\/cms\/im-fokus\/\" rel=\"bookmark\">Weiterlesen &raquo;<span class=\"screen-reader-text\">Im Fokus<\/span><\/a><\/p>\n","protected":false},"author":1,"featured_media":0,"parent":0,"menu_order":0,"comment_status":"closed","ping_status":"closed","template":"page-templates\/template-pagebuilder-full-width.php","meta":{"neve_meta_sidebar":"","neve_meta_container":"","neve_meta_enable_content_width":"","neve_meta_content_width":0,"neve_meta_title_alignment":"","neve_meta_author_avatar":"","neve_post_elements_order":"","neve_meta_disable_header":"","neve_meta_disable_footer":"","neve_meta_disable_title":"","footnotes":""},"class_list":["post-142","page","type-page","status-publish","hentry"],"_links":{"self":[{"href":"https:\/\/tomas-kobi.ch\/cms\/wp-json\/wp\/v2\/pages\/142","targetHints":{"allow":["GET"]}}],"collection":[{"href":"https:\/\/tomas-kobi.ch\/cms\/wp-json\/wp\/v2\/pages"}],"about":[{"href":"https:\/\/tomas-kobi.ch\/cms\/wp-json\/wp\/v2\/types\/page"}],"author":[{"embeddable":true,"href":"https:\/\/tomas-kobi.ch\/cms\/wp-json\/wp\/v2\/users\/1"}],"replies":[{"embeddable":true,"href":"https:\/\/tomas-kobi.ch\/cms\/wp-json\/wp\/v2\/comments?post=142"}],"version-history":[{"count":73,"href":"https:\/\/tomas-kobi.ch\/cms\/wp-json\/wp\/v2\/pages\/142\/revisions"}],"predecessor-version":[{"id":1415,"href":"https:\/\/tomas-kobi.ch\/cms\/wp-json\/wp\/v2\/pages\/142\/revisions\/1415"}],"wp:attachment":[{"href":"https:\/\/tomas-kobi.ch\/cms\/wp-json\/wp\/v2\/media?parent=142"}],"curies":[{"name":"wp","href":"https:\/\/api.w.org\/{rel}","templated":true}]}}